{"id":341,"date":"2024-09-13T15:14:45","date_gmt":"2024-09-13T13:14:45","guid":{"rendered":"https:\/\/www.lexquise-frite.fr\/?page_id=341"},"modified":"2024-10-14T15:00:40","modified_gmt":"2024-10-14T13:00:40","slug":"gamme-crunch-2","status":"publish","type":"page","link":"https:\/\/www.lexquise-frite.fr\/index.php\/gamme-crunch-2\/","title":{"rendered":"FRITES PR\u00c9SAL\u00c9ES"},"content":{"rendered":"<p>[et_pb_section fb_built=\u00a0\u00bb1&Prime; admin_label=\u00a0\u00bbHeader\u00a0\u00bb _builder_version=\u00a0\u00bb4.25.0&Prime; _module_preset=\u00a0\u00bbdefault\u00a0\u00bb use_background_color_gradient=\u00a0\u00bbon\u00a0\u00bb background_color_gradient_stops=\u00a0\u00bbrgba(0,0,0,0.7) 0%|rgba(0,0,0,0.7) 100%\u00a0\u00bb background_color_gradient_overlays_image=\u00a0\u00bbon\u00a0\u00bb background_image=\u00a0\u00bbhttps:\/\/www.lexquise-frite.fr\/wp-content\/uploads\/2024\/09\/Design-sans-titre-18.jpg\u00a0\u00bb collapsed=\u00a0\u00bbon\u00a0\u00bb global_colors_info=\u00a0\u00bb{}\u00a0\u00bb][et_pb_row _builder_version=\u00a0\u00bb4.24.2&Prime; _module_preset=\u00a0\u00bbdefault\u00a0\u00bb max_width=\u00a0\u00bb800px\u00a0\u00bb global_colors_info=\u00a0\u00bb{}\u00a0\u00bb][et_pb_column type=\u00a0\u00bb4_4&Prime; _builder_version=\u00a0\u00bb4.23.2&Prime; _module_preset=\u00a0\u00bbdefault\u00a0\u00bb global_colors_info=\u00a0\u00bb{}\u00a0\u00bb][et_pb_text _builder_version=\u00a0\u00bb4.23.2&Prime; _module_preset=\u00a0\u00bb06e17b74-4a8c-4f25-a2ea-4d668dde4b6d\u00a0\u00bb header_text_color=\u00a0\u00bb#FFFFFF\u00a0\u00bb text_orientation=\u00a0\u00bbcenter\u00a0\u00bb custom_margin=\u00a0\u00bb||10px||false|false\u00a0\u00bb global_colors_info=\u00a0\u00bb{}\u00a0\u00bb]<\/p>\n<h1><\/h1>\n<h1><\/h1>\n<h1><\/h1>\n<h1><\/h1>\n<h1>Frites pr\u00e9sal\u00e9es<\/h1>\n<p>&nbsp;<\/p>\n<p>&nbsp;<\/p>\n<p>&nbsp;<\/p>\n<p>[\/et_pb_text][\/et_pb_column][\/et_pb_row][\/et_pb_section][et_pb_section fb_built=\u00a0\u00bb1&Prime; admin_label=\u00a0\u00bbWhat We Do\u00a0\u00bb _builder_version=\u00a0\u00bb4.25.0&Prime; _module_preset=\u00a0\u00bbdefault\u00a0\u00bb background_image=\u00a0\u00bbhttps:\/\/www.lexquise-frite.fr\/wp-content\/uploads\/2024\/09\/test2_Plan-de-travail-1_Plan-de-travail-1.png\u00a0\u00bb min_height=\u00a0\u00bb977.8px\u00a0\u00bb custom_margin=\u00a0\u00bb||-73px|||\u00a0\u00bb custom_padding=\u00a0\u00bb||154px|||\u00a0\u00bb animation_style=\u00a0\u00bbzoom\u00a0\u00bb locked=\u00a0\u00bboff\u00a0\u00bb collapsed=\u00a0\u00bbon\u00a0\u00bb global_colors_info=\u00a0\u00bb{%22gcid-cc026ee9-2dfb-4c5b-892b-7f86cd297fec%22:%91%22background_color_gradient_stops%22%93}\u00a0\u00bb][et_pb_row _builder_version=\u00a0\u00bb4.24.2&Prime; _module_preset=\u00a0\u00bbdefault\u00a0\u00bb global_colors_info=\u00a0\u00bb{}\u00a0\u00bb][et_pb_column type=\u00a0\u00bb4_4&Prime; _builder_version=\u00a0\u00bb4.23.2&Prime; _module_preset=\u00a0\u00bbdefault\u00a0\u00bb global_colors_info=\u00a0\u00bb{}\u00a0\u00bb][et_pb_text _builder_version=\u00a0\u00bb4.25.0&Prime; _module_preset=\u00a0\u00bbd3280607-6692-49f2-878f-03174c70540f\u00a0\u00bb header_2_text_color=\u00a0\u00bb#FFFFFF\u00a0\u00bb custom_margin=\u00a0\u00bb||-15px|||\u00a0\u00bb locked=\u00a0\u00bboff\u00a0\u00bb global_colors_info=\u00a0\u00bb{}\u00a0\u00bb]<\/p>\n<h2>Des frites d\u00e9j\u00e0 assaisonn\u00e9es<\/h2>\n<p>[\/et_pb_text][\/et_pb_column][\/et_pb_row][et_pb_row column_structure=\u00a0\u00bb2_5,3_5&Prime; _builder_version=\u00a0\u00bb4.24.2&Prime; _module_preset=\u00a0\u00bbdefault\u00a0\u00bb min_height=\u00a0\u00bb237px\u00a0\u00bb custom_padding=\u00a0\u00bb0px|68px|21px|||\u00a0\u00bb global_colors_info=\u00a0\u00bb{}\u00a0\u00bb][et_pb_column type=\u00a0\u00bb2_5&Prime; _builder_version=\u00a0\u00bb4.23.2&Prime; _module_preset=\u00a0\u00bbdefault\u00a0\u00bb global_colors_info=\u00a0\u00bb{}\u00a0\u00bb][et_pb_text _builder_version=\u00a0\u00bb4.23.2&Prime; _module_preset=\u00a0\u00bba0230d56-9143-48f9-8032-fc3d3bc26152&Prime; min_height=\u00a0\u00bb278.2px\u00a0\u00bb custom_margin=\u00a0\u00bb|-138px||||\u00a0\u00bb custom_padding=\u00a0\u00bb||32px|||\u00a0\u00bb global_colors_info=\u00a0\u00bb{}\u00a0\u00bb]<\/p>\n<p style=\"text-align: justify;\"><span style=\"color: #ffffff;\">De nombreux professionnels de la restauration souhaitent maximiser leur temps en cuisine. Le salage est une \u00e9tape suppl\u00e9mentaire dans la pr\u00e9paration des frites.<\/span><\/p>\n<p style=\"text-align: justify;\"><span style=\"color: #ffffff;\">C&rsquo;est pourquoi nous proposons aux restaurateurs des frites d\u00e9licatement pr\u00e9sal\u00e9es, juste ce qu&rsquo;il faut, puis pr\u00e9cuites et surgel\u00e9es. Ce l\u00e9ger assaisonnement avant cuisson permet de rehausser naturellement la saveur des pommes de terre, sans avoir \u00e0 ajouter de sel suppl\u00e9mentaire apr\u00e8s cuisson. Le r\u00e9sultat ? Des frites toujours bien \u00e9quilibr\u00e9es, pr\u00eates \u00e0 \u00eatre d\u00e9gust\u00e9es d\u00e8s la sortie de la friteuse.<\/span>\u00a0<\/p>\n<p style=\"text-align: justify;\">\n<p><span style=\"color: #ffffff;\">Pour la cuisson, quelques minutes \u00e0 la friteuse suffisent et les frites sont pr\u00eates \u00e0 \u00eatre servies.<\/span><\/p>\n<p><span style=\"color: #ffffff;\">L&rsquo; Exquise pr\u00e9sal\u00e9e est le compromis id\u00e9al entre qualit\u00e9 et rapidit\u00e9.<\/span><\/p>\n<p><span style=\"color: #ffffff;\">Fabriqu\u00e9e \u00e0 base de pommes de terre \u00e9pluch\u00e9e et pr\u00e9frites, nos frites pr\u00e9sal\u00e9es existent en coupe 6\/6 ou 9\/9.<\/span><\/p>\n<p>[\/et_pb_text][\/et_pb_column][et_pb_column type=\u00a0\u00bb3_5&Prime; _builder_version=\u00a0\u00bb4.23.2&Prime; _module_preset=\u00a0\u00bbdefault\u00a0\u00bb global_colors_info=\u00a0\u00bb{}\u00a0\u00bb][\/et_pb_column][\/et_pb_row][\/et_pb_section][et_pb_section fb_built=\u00a0\u00bb1&Prime; _builder_version=\u00a0\u00bb4.25.0&Prime; _module_preset=\u00a0\u00bbdefault\u00a0\u00bb global_colors_info=\u00a0\u00bb{}\u00a0\u00bb][et_pb_row column_structure=\u00a0\u00bb1_2,1_2&Prime; _builder_version=\u00a0\u00bb4.25.0&Prime; _module_preset=\u00a0\u00bbdefault\u00a0\u00bb custom_padding=\u00a0\u00bb|||120px||\u00a0\u00bb global_colors_info=\u00a0\u00bb{}\u00a0\u00bb][et_pb_column type=\u00a0\u00bb1_2&Prime; _builder_version=\u00a0\u00bb4.25.0&Prime; _module_preset=\u00a0\u00bbdefault\u00a0\u00bb global_colors_info=\u00a0\u00bb{}\u00a0\u00bb][et_pb_image src=\u00a0\u00bbhttps:\/\/www.lexquise-frite.fr\/wp-content\/uploads\/2022\/03\/02229_L-EXQUISE-Frites-Presalees-66-25kg-1.png\u00a0\u00bb title_text=\u00a0\u00bb02229_L EXQUISE &#8211; Frites Presalees 66 2,5kg (1)\u00a0\u00bb _builder_version=\u00a0\u00bb4.25.0&Prime; _module_preset=\u00a0\u00bbdefault\u00a0\u00bb custom_padding=\u00a0\u00bb|10px||||\u00a0\u00bb animation_style=\u00a0\u00bbfold\u00a0\u00bb global_colors_info=\u00a0\u00bb{}\u00a0\u00bb][\/et_pb_image][\/et_pb_column][et_pb_column type=\u00a0\u00bb1_2&Prime; _builder_version=\u00a0\u00bb4.25.0&Prime; _module_preset=\u00a0\u00bbdefault\u00a0\u00bb global_colors_info=\u00a0\u00bb{}\u00a0\u00bb][et_pb_text _builder_version=\u00a0\u00bb4.23.2&Prime; _module_preset=\u00a0\u00bbd3280607-6692-49f2-878f-03174c70540f\u00a0\u00bb custom_margin=\u00a0\u00bb||10px||false|false\u00a0\u00bb global_colors_info=\u00a0\u00bb{}\u00a0\u00bb]<\/p>\n<h2>Frites 6\/6<\/h2>\n<p>[\/et_pb_text][et_pb_text _builder_version=\u00a0\u00bb4.23.2&Prime; _module_preset=\u00a0\u00bba0230d56-9143-48f9-8032-fc3d3bc26152&Prime; global_colors_info=\u00a0\u00bb{}\u00a0\u00bb]<\/p>\n<p style=\"text-align: justify;\">Nos frites pr\u00e9sal\u00e9es 6\/6 sont taill\u00e9es \u00e0 une \u00e9paisseur de 6 mm, ce qui les rend parfaites pour ceux qui pr\u00e9f\u00e8rent des frites plus fines mais toujours croustillantes \u00e0 l&rsquo;ext\u00e9rieur et fondantes \u00e0 l&rsquo;int\u00e9rieur. Cela permet \u00e0 la chaleur de p\u00e9n\u00e9trer rapidement ce qui vous garantit une cuisson express et une croustillance parfaite.<\/p>\n<p style=\"text-align: justify;\">\n<p><span style=\"text-decoration: underline;\">Conditionnement<\/span> : \u00a0\u00a0<br \/>Sachet de 2,5kg<br \/>4 sachets \/ carton<br \/>63 cartons\u00a0 \/ palette<br \/>9 cartons \/ couche<\/p>\n<p><span style=\"text-decoration: underline;\">Conservation<\/span> : -18\u00b0C jusqu\u2019\u00e0 la date indiqu\u00e9e sur le sachet.<\/p>\n<p>&nbsp;<\/p>\n<p>[\/et_pb_text][\/et_pb_column][\/et_pb_row][\/et_pb_section][et_pb_section fb_built=\u00a0\u00bb1&Prime; _builder_version=\u00a0\u00bb4.25.0&Prime; _module_preset=\u00a0\u00bbdefault\u00a0\u00bb global_colors_info=\u00a0\u00bb{}\u00a0\u00bb][et_pb_row column_structure=\u00a0\u00bb1_2,1_2&Prime; _builder_version=\u00a0\u00bb4.25.0&Prime; _module_preset=\u00a0\u00bbdefault\u00a0\u00bb global_colors_info=\u00a0\u00bb{}\u00a0\u00bb][et_pb_column type=\u00a0\u00bb1_2&Prime; _builder_version=\u00a0\u00bb4.25.0&Prime; _module_preset=\u00a0\u00bbdefault\u00a0\u00bb global_colors_info=\u00a0\u00bb{}\u00a0\u00bb][et_pb_text _builder_version=\u00a0\u00bb4.23.2&Prime; _module_preset=\u00a0\u00bbd3280607-6692-49f2-878f-03174c70540f\u00a0\u00bb custom_margin=\u00a0\u00bb||10px||false|false\u00a0\u00bb global_colors_info=\u00a0\u00bb{}\u00a0\u00bb]<\/p>\n<h2>Frites 9\/9<\/h2>\n<p>[\/et_pb_text][et_pb_text _builder_version=\u00a0\u00bb4.23.2&Prime; _module_preset=\u00a0\u00bba0230d56-9143-48f9-8032-fc3d3bc26152&Prime; global_colors_info=\u00a0\u00bb{}\u00a0\u00bb]<\/p>\n<p style=\"text-align: justify;\">Ces frites de 9 mm d&rsquo;\u00e9paisseur sont con\u00e7ues pour ceux qui appr\u00e9cient une frite plus \u00e9paisse avec une texture plus g\u00e9n\u00e9reuse et une douceur int\u00e9rieure incomparable. Cette coupe 9\/9 garantit \u00e0 ces frites un go\u00fbt g\u00e9n\u00e9reux et une texture savoureuse qui conviendra parfaitement aux amoureux des frites gourmandes.<\/p>\n<p style=\"text-align: justify;\">\n<p><span style=\"text-decoration: underline;\">Conditionnement<\/span> : \u00a0\u00a0<br \/>Sachet de 2,5kg<br \/>4 sachets \/ carton<br \/>72 cartons\u00a0 \/ palette<br \/>9 cartons \/ couche<\/p>\n<p><span style=\"text-decoration: underline;\">Conservation<\/span> : -18\u00b0C jusqu\u2019\u00e0 la date indiqu\u00e9e sur le sachet.<\/p>\n<p>[\/et_pb_text][\/et_pb_column][et_pb_column type=\u00a0\u00bb1_2&Prime; _builder_version=\u00a0\u00bb4.25.0&Prime; _module_preset=\u00a0\u00bbdefault\u00a0\u00bb global_colors_info=\u00a0\u00bb{}\u00a0\u00bb][et_pb_image src=\u00a0\u00bbhttps:\/\/www.lexquise-frite.fr\/wp-content\/uploads\/2022\/03\/03205_L-EXQUISE-Frites-Presalees-99-25kg-1.png\u00a0\u00bb title_text=\u00a0\u00bb03205_L EXQUISE &#8211; Frites Presalees 99 2,5kg (1)\u00a0\u00bb _builder_version=\u00a0\u00bb4.25.0&Prime; _module_preset=\u00a0\u00bbdefault\u00a0\u00bb custom_margin=\u00a0\u00bb|||35px||\u00a0\u00bb custom_padding=\u00a0\u00bb|10px||||\u00a0\u00bb animation_style=\u00a0\u00bbfold\u00a0\u00bb global_colors_info=\u00a0\u00bb{}\u00a0\u00bb][\/et_pb_image][\/et_pb_column][\/et_pb_row][\/et_pb_section][et_pb_section fb_built=\u00a0\u00bb1&Prime; admin_label=\u00a0\u00bbFooter\u00a0\u00bb _builder_version=\u00a0\u00bb4.24.2&Prime; _module_preset=\u00a0\u00bbdefault\u00a0\u00bb background_color=\u00a0\u00bbgcid-0a70bcaa-1736-40e0-9723-4fb88b8b6694&Prime; custom_margin=\u00a0\u00bb-30px|||||\u00a0\u00bb custom_padding=\u00a0\u00bb8px|||||\u00a0\u00bb saved_tabs=\u00a0\u00bball\u00a0\u00bb collapsed=\u00a0\u00bbon\u00a0\u00bb global_colors_info=\u00a0\u00bb{%22gcid-0a70bcaa-1736-40e0-9723-4fb88b8b6694%22:%91%22background_color%22%93}\u00a0\u00bb][et_pb_row column_structure=\u00a0\u00bb1_2,1_2&Prime; _builder_version=\u00a0\u00bb4.25.0&Prime; _module_preset=\u00a0\u00bbdefault\u00a0\u00bb global_colors_info=\u00a0\u00bb{}\u00a0\u00bb][et_pb_column type=\u00a0\u00bb1_2&Prime; _builder_version=\u00a0\u00bb4.25.0&Prime; _module_preset=\u00a0\u00bbdefault\u00a0\u00bb global_colors_info=\u00a0\u00bb{}\u00a0\u00bb][et_pb_image src=\u00a0\u00bbhttps:\/\/www.lexquise-frite.fr\/wp-content\/uploads\/2024\/09\/cropped-Logo-Lexquise-Copie.png\u00a0\u00bb title_text=\u00a0\u00bbcropped-Logo-Lexquise &#8211; Copie\u00a0\u00bb _builder_version=\u00a0\u00bb4.25.0&Prime; _module_preset=\u00a0\u00bbdefault\u00a0\u00bb custom_padding=\u00a0\u00bb|||288px||\u00a0\u00bb global_colors_info=\u00a0\u00bb{}\u00a0\u00bb][\/et_pb_image][\/et_pb_column][et_pb_column type=\u00a0\u00bb1_2&Prime; _builder_version=\u00a0\u00bb4.23.2&Prime; _module_preset=\u00a0\u00bbdefault\u00a0\u00bb global_colors_info=\u00a0\u00bb{}\u00a0\u00bb][et_pb_text _builder_version=\u00a0\u00bb4.24.2&Prime; _module_preset=\u00a0\u00bb6919bb40-1b3a-481f-bf53-236833f77413&Prime; header_5_text_color=\u00a0\u00bb#FFFFFF\u00a0\u00bb custom_margin=\u00a0\u00bb||0px||false|false\u00a0\u00bb global_colors_info=\u00a0\u00bb{}\u00a0\u00bb]<\/p>\n<h5>Adresse<\/h5>\n<p>[\/et_pb_text][et_pb_text _builder_version=\u00a0\u00bb4.25.0&Prime; _module_preset=\u00a0\u00bbaf8fac28-d067-4c61-9c77-6f56e3fc457b\u00a0\u00bb text_text_color=\u00a0\u00bb#FFFFFF\u00a0\u00bb link_text_color=\u00a0\u00bb#FFFFFF\u00a0\u00bb custom_margin=\u00a0\u00bb||10px||false|false\u00a0\u00bb global_colors_info=\u00a0\u00bb{}\u00a0\u00bb]<\/p>\n<p><span>ZA Cl\u00e9sud \u2013 4, rue Comte de la P\u00e9rouse 13140 Miramas<\/span><\/p>\n<p>[\/et_pb_text][\/et_pb_column][\/et_pb_row][et_pb_row _builder_version=\u00a0\u00bb4.25.0&Prime; _module_preset=\u00a0\u00bbdefault\u00a0\u00bb custom_margin=\u00a0\u00bb||||false|false\u00a0\u00bb custom_padding=\u00a0\u00bb20px||||false|false\u00a0\u00bb border_color_all=\u00a0\u00bbrgba(255,255,255,0.24)\u00a0\u00bb border_width_top=\u00a0\u00bb1px\u00a0\u00bb global_colors_info=\u00a0\u00bb{}\u00a0\u00bb][et_pb_column type=\u00a0\u00bb4_4&Prime; _builder_version=\u00a0\u00bb4.23.2&Prime; _module_preset=\u00a0\u00bbdefault\u00a0\u00bb global_colors_info=\u00a0\u00bb{}\u00a0\u00bb][et_pb_text _builder_version=\u00a0\u00bb4.25.0&Prime; _dynamic_attributes=\u00a0\u00bbcontent\u00a0\u00bb _module_preset=\u00a0\u00bbaf8fac28-d067-4c61-9c77-6f56e3fc457b\u00a0\u00bb text_text_color=\u00a0\u00bb#FFFFFF\u00a0\u00bb text_orientation=\u00a0\u00bbcenter\u00a0\u00bb global_colors_info=\u00a0\u00bb{}\u00a0\u00bb]@ET-DC@eyJkeW5hbWljIjp0cnVlLCJjb250ZW50IjoiY3VycmVudF9kYXRlIiwic2V0dGluZ3MiOnsiYmVmb3JlIjoiQ29weXJpZ2h0ICZjb3B5OyAiLCJhZnRlciI6IiBEaXZpLiBBbGwgUmlnaHRzIFJlc2VydmVkLiIsImRhdGVfZm9ybWF0IjoiY3VzdG9tIiwiY3VzdG9tX2RhdGVfZm9ybWF0IjoiWSJ9fQ==@[\/et_pb_text][\/et_pb_column][\/et_pb_row][\/et_pb_section]<\/p>\n","protected":false},"excerpt":{"rendered":"<p>Frites pr\u00e9sal\u00e9es &nbsp; &nbsp; &nbsp;Des frites d\u00e9j\u00e0 assaisonn\u00e9esDe nombreux professionnels de la restauration souhaitent maximiser leur temps en cuisine. Le salage est une \u00e9tape suppl\u00e9mentaire dans la pr\u00e9paration des frites. C&rsquo;est pourquoi nous proposons aux restaurateurs des frites d\u00e9licatement pr\u00e9sal\u00e9es, juste ce qu&rsquo;il faut, puis pr\u00e9cuites et surgel\u00e9es. Ce l\u00e9ger assaisonnement avant cuisson permet de [&hellip;]<\/p>\n","protected":false},"author":3,"featured_media":0,"parent":0,"menu_order":0,"comment_status":"closed","ping_status":"closed","template":"","meta":{"_et_pb_use_builder":"on","_et_pb_old_content":"","_et_gb_content_width":"","footnotes":""},"class_list":["post-341","page","type-page","status-publish","hentry"],"_links":{"self":[{"href":"https:\/\/www.lexquise-frite.fr\/index.php\/wp-json\/wp\/v2\/pages\/341","targetHints":{"allow":["GET"]}}],"collection":[{"href":"https:\/\/www.lexquise-frite.fr\/index.php\/wp-json\/wp\/v2\/pages"}],"about":[{"href":"https:\/\/www.lexquise-frite.fr\/index.php\/wp-json\/wp\/v2\/types\/page"}],"author":[{"embeddable":true,"href":"https:\/\/www.lexquise-frite.fr\/index.php\/wp-json\/wp\/v2\/users\/3"}],"replies":[{"embeddable":true,"href":"https:\/\/www.lexquise-frite.fr\/index.php\/wp-json\/wp\/v2\/comments?post=341"}],"version-history":[{"count":12,"href":"https:\/\/www.lexquise-frite.fr\/index.php\/wp-json\/wp\/v2\/pages\/341\/revisions"}],"predecessor-version":[{"id":408,"href":"https:\/\/www.lexquise-frite.fr\/index.php\/wp-json\/wp\/v2\/pages\/341\/revisions\/408"}],"wp:attachment":[{"href":"https:\/\/www.lexquise-frite.fr\/index.php\/wp-json\/wp\/v2\/media?parent=341"}],"curies":[{"name":"wp","href":"https:\/\/api.w.org\/{rel}","templated":true}]}}